{"id":2823,"date":"2017-03-22T18:26:33","date_gmt":"2017-03-22T17:26:33","guid":{"rendered":"http:\/\/pirenalisl.cluster020.hosting.ovh.net\/espagne-pre-pyrenees-pallars\/"},"modified":"2019-01-29T16:14:02","modified_gmt":"2019-01-29T15:14:02","slug":"espana-pre-pirineo-en-el-pallars-sobira","status":"publish","type":"page","link":"https:\/\/www.pirenalia.com\/es\/espana-pre-pirineo-en-el-pallars-sobira\/","title":{"rendered":"Espa\u00f1a &#8211; Pre Pirineo en el Pallars Sobir\u00e0"},"content":{"rendered":"<p>[vc_row][vc_column width=\u00bb2\/3&#8243;][vc_tta_tabs active_section=\u00bb1&#8243;][vc_tta_section title=\u00bbNaturaleza\u00bb tab_id=\u00bbnaturaleza-pallars\u00bb][vc_column_text]<\/p>\n<p style=\"text-align: justify;\"><strong>Sin lugar a dudas, el peque\u00f1o pueblo abandonado donde nos alojaremos, es el mejor sitio de toda Europa para fotografiar aves carro\u00f1eras.\u00a0 Seremos sus \u00fanicos habitantes rodeados de buitres leonados, negros, alimoches y quebrantahuesos.<\/strong><\/p>\n<p style=\"text-align: justify;\">La zona del Pallars es la frontera que marca el comienzo de las cimas m\u00e1s elevadas del Pirineo, con picos de hasta 3000m. El pre-Pirineo, con menos altitud, es una regi\u00f3n m\u00e1s\u00a0 seca i soleada, donde un clima privilegiado recuerda su influencia mediterr\u00e1nea. Aqu\u00ed la monta\u00f1a muestra varias caras: p\u00e1ramos, bancales con muros de piedra seca, abruptos barrancos habitados por todo tipo de rapaces, bosques, de pino silvestre y peque\u00f1as aldeas construidas con piedras y pizarras&#8230;<\/p>\n<p style=\"text-align: justify;\">Impregnados de los aromas del tomillo y del romero, nos adentraremos en esta magn\u00edfica regi\u00f3n con el fin de disfrutar de una peque\u00f1a aldea abandonada a 1300m de altitud. Nos instalaremos en una c\u00f3moda casa rural, en un entorno privilegiado, donde podremos contemplar a escasa distancia, todas las aves carro\u00f1eras de Europa: quebrantahuesos, buitres leonados, buitres negros y, de marzo a setiembre, alimoches.<\/p>\n<p>[\/vc_column_text][\/vc_tta_section][vc_tta_section title=\u00bbCultura y gastronom\u00eda\u00bb tab_id=\u00bbCultura y gastronom\u00eda-pallars\u00bb][vc_column_text]<\/p>\n<p style=\"text-align: justify;\"><strong>El principal centro de inter\u00e9s de la regi\u00f3n es el pueblo de Gerri de la Sal;<\/strong><\/p>\n<p style=\"text-align: justify;\">su nombre se debe a la presencia de una fuente de agua salada, agua que traspasa las capas de sal f\u00f3sil del subsuelo para florar en el exterior. El agua del manantial se llevaba por unas canalizaciones\u00a0 hechas de pino \u00a0a las tablas de salificaci\u00f3n, para que m\u00e1s tarde, se realizara la evaporaci\u00f3n de la sal. Esta actividad est\u00e1 documentada desde el siglo IX, pero actualmente solo se hace una peque\u00f1a producci\u00f3n artesanal.\u00a0 El testimonio de su rico pasado son la Abad\u00eda (benedictina) del siglo XII, el puente rom\u00e1nico del siglo XI, la ciudad medieval (un conjunto de\u00a0 casas antiguas que dan a las estrechas calles forma de laberinto), la \u00abcasa de la sal\u00bb (donde se almacenaba la sal,) la torre de la prisi\u00f3n, y por supuesto, sus sistemas de distribuci\u00f3n de agua salina y \u00a0producci\u00f3n de sal.<\/p>\n<p style=\"text-align: justify;\">La gastronom\u00eda del Pallars es rica y variada: la regi\u00f3n produce una gran variedad\u00a0 de quesos,\u00a0 embutidos, posee una huerta diversificadade\u00a0 y unas razas ganado ovino y bovino aut\u00f3ctonas. La caza es abundante y los productos del cerdo se curan bien. Tambi\u00e9n tenemos que mencionar a la t\u00edpica Girella, realizada a base de carne de cordero y huevo.<\/p>\n<p>[\/vc_column_text][\/vc_tta_section][vc_tta_section title=\u00bbFotos\u00bb tab_id=\u00bbfotos-pallars\u00bb][vc_images_carousel images=\u00bb2690,1732,2687,1576,1582,1585,1747,1741,2678,2681,2684,1744,1729&#8243; img_size=\u00bbfull\u00bb onclick=\u00bblink_no\u00bb autoplay=\u00bbyes\u00bb][\/vc_tta_section][vc_tta_section title=\u00bbVideo\u00bb tab_id=\u00bbvideo-pallars\u00bb][vc_video link=\u00bbhttps:\/\/www.youtube.com\/watch?v=WzJrx2ZQ8y8&#8243;][\/vc_tta_section][\/vc_tta_tabs][\/vc_column][vc_column width=\u00bb1\/3&#8243;]<div class=\"title\">\n\t\t\t<div class=\"title__subtitle\">Nuestros viajes en el Pallars Sobir\u00e0<\/div>\n\t\t<h3 class=\"title__primary\"><\/h3>\n<\/div>\n<div id=\"swiper1\" class=\"atgrid\">\n\t<div class=\"atgrid__slider\">\n\t\t<div class=\"atgrid__slider__controls\">\n\t\t\t<a class=\"atgrid__slider__prev\" href=\"#\"><i class=\"fa fa-chevron-left\"><\/i><\/a>\n\t\t\t<a class=\"atgrid__slider__next\" href=\"#\"><i class=\"fa fa-chevron-right\"><\/i><\/a>\n\t\t<\/div>\n\n\t\t<div class=\"swiper-container swiper-slider atgrid__slider__container\">\n\t\t\t<div class=\"swiper-wrapper\">\n\t\t\t\t\t\t\t\t\t\t<div class=\"swiper-slide\">\n\t\t\t\t\t<div class=\"atgrid__item\">\n\t\t\t\t\t\t<div class=\"atgrid__item__top\">\n\t\t\t\t\t\t\t<a href=\"https:\/\/www.pirenalia.com\/es\/tours\/quebrantahuesos-con-oriol-alamany\/\" class=\"atgrid__item__top__image\"><img width=\"360\" height=\"240\" src=\"https:\/\/www.pirenalia.com\/wp-content\/uploads\/2017\/03\/EMad408-243-360x240.jpg\" class=\"attachment-thumb_tour_listing_small size-thumb_tour_listing_small wp-post-image\" alt=\"\" loading=\"lazy\" srcset=\"https:\/\/www.pirenalia.com\/wp-content\/uploads\/2017\/03\/EMad408-243-360x240.jpg 360w, https:\/\/www.pirenalia.com\/wp-content\/uploads\/2017\/03\/EMad408-243-300x200.jpg 300w, https:\/\/www.pirenalia.com\/wp-content\/uploads\/2017\/03\/EMad408-243-768x512.jpg 768w, https:\/\/www.pirenalia.com\/wp-content\/uploads\/2017\/03\/EMad408-243-531x354.jpg 531w, https:\/\/www.pirenalia.com\/wp-content\/uploads\/2017\/03\/EMad408-243.jpg 795w\" sizes=\"(max-width: 360px) 100vw, 360px\" \/><\/a>\t\t\t\t\t\t\t\t\t\t\t\t\t\t<div class=\"atgrid__item__price\"><a href=\"https:\/\/www.pirenalia.com\/es\/tours\/quebrantahuesos-con-oriol-alamany\/\" class=\"atgrid__item__price__button\"><span class=\"woocommerce-Price-amount amount\">495<span class=\"woocommerce-Price-currencySymbol\">&euro;<\/span><\/span><\/a><\/div>\t\t\t\t\t\t\t\t\t\t\t\t\t\t\t\t\t\t\t\t<\/div>\n\n\t\t\t\t\t\t<div class=\"atgrid__item__content\">\n\t\t\t\t\t\t\t<h3 class=\"atgrid__item__title\"><a href=\"https:\/\/www.pirenalia.com\/es\/tours\/quebrantahuesos-con-oriol-alamany\/\">Quebrantahuesos con Oriol Alamany<\/a><\/h3>\n\t\t\t\t\t\t\t\t\t\t\t\t\t<div class=\"atgrid__item__description\">del 30 de noviembre al 1 de diciembre<\/div>\n\t\t\t\t\t\t\t\t\t\t\t\t<\/div>\n\t\t\t\t\t\t<div class=\"item-attributes\">\n\t\t\t\t\t\t\t<div class=\"item-attributes__item\"><div class=\"item-attributes__item__content\"><div class=\"item-attributes__item__content__item\"><i class=\"td-marker-location-1\"><\/i><\/div><div class=\"item-attributes__item__content__item item-attributes__item__content__item--text\"><span>Espa\u00f1a<\/span><\/div><\/div><\/div><div class=\"item-attributes__item\"><div class=\"item-attributes__item__content\"><div class=\"item-attributes__item__content__item\"><i class=\"td-clock-1\"><\/i><\/div><div class=\"item-attributes__item__content__item item-attributes__item__content__item--text\"><span>3 d\u00edas<\/span><\/div><\/div><\/div>\t\t\t\t\t\t<\/div>\n\t\t\t\t\t<\/div>\n\t\t\t\t<\/div>\n\t\t\t\t\t\t\t\t\t\t<div class=\"swiper-slide\">\n\t\t\t\t\t<div class=\"atgrid__item\">\n\t\t\t\t\t\t<div class=\"atgrid__item__top\">\n\t\t\t\t\t\t\t<a href=\"https:\/\/www.pirenalia.com\/es\/tours\/especial-fotografia-aves-miticas-del-pirineo\/\" class=\"atgrid__item__top__image\"><img width=\"360\" height=\"240\" src=\"https:\/\/www.pirenalia.com\/wp-content\/uploads\/2017\/02\/01-7-360x240.jpg\" class=\"attachment-thumb_tour_listing_small size-thumb_tour_listing_small wp-post-image\" alt=\"\" loading=\"lazy\" srcset=\"https:\/\/www.pirenalia.com\/wp-content\/uploads\/2017\/02\/01-7-360x240.jpg 360w, https:\/\/www.pirenalia.com\/wp-content\/uploads\/2017\/02\/01-7-300x200.jpg 300w, https:\/\/www.pirenalia.com\/wp-content\/uploads\/2017\/02\/01-7-768x512.jpg 768w, https:\/\/www.pirenalia.com\/wp-content\/uploads\/2017\/02\/01-7-531x354.jpg 531w, https:\/\/www.pirenalia.com\/wp-content\/uploads\/2017\/02\/01-7.jpg 800w\" sizes=\"(max-width: 360px) 100vw, 360px\" \/><\/a>\t\t\t\t\t\t\t\t\t\t\t\t\t\t<div class=\"atgrid__item__price\"><a href=\"https:\/\/www.pirenalia.com\/es\/tours\/especial-fotografia-aves-miticas-del-pirineo\/\" class=\"atgrid__item__price__button\"><span class=\"woocommerce-Price-amount amount\">1250<span class=\"woocommerce-Price-currencySymbol\">&euro;<\/span><\/span><\/a><\/div>\t\t\t\t\t\t\t\t\t\t\t\t\t\t\t\t\t\t\t\t<\/div>\n\n\t\t\t\t\t\t<div class=\"atgrid__item__content\">\n\t\t\t\t\t\t\t<h3 class=\"atgrid__item__title\"><a href=\"https:\/\/www.pirenalia.com\/es\/tours\/especial-fotografia-aves-miticas-del-pirineo\/\">Especial fotografia: aves miticas del pirineo<\/a><\/h3>\n\t\t\t\t\t\t\t\t\t\t\t\t\t<div class=\"atgrid__item__description\">Mes de mayo<\/div>\n\t\t\t\t\t\t\t\t\t\t\t\t<\/div>\n\t\t\t\t\t\t<div class=\"item-attributes\">\n\t\t\t\t\t\t\t<div class=\"item-attributes__item\"><div class=\"item-attributes__item__content\"><div class=\"item-attributes__item__content__item\"><i class=\"td-marker-location-1\"><\/i><\/div><div class=\"item-attributes__item__content__item item-attributes__item__content__item--text\"><span>Andorra, Espa\u00f1a<\/span><\/div><\/div><\/div><div class=\"item-attributes__item\"><div class=\"item-attributes__item__content\"><div class=\"item-attributes__item__content__item\"><i class=\"td-clock-1\"><\/i><\/div><div class=\"item-attributes__item__content__item item-attributes__item__content__item--text\"><span>6 d\u00edas<\/span><\/div><\/div><\/div>\t\t\t\t\t\t<\/div>\n\t\t\t\t\t<\/div>\n\t\t\t\t<\/div>\n\t\t\t\t\t\t\t\t\t\t<div class=\"swiper-slide\">\n\t\t\t\t\t<div class=\"atgrid__item\">\n\t\t\t\t\t\t<div class=\"atgrid__item__top\">\n\t\t\t\t\t\t\t<a href=\"https:\/\/www.pirenalia.com\/es\/tours\/aves-esteparicas-quebrantahuesos-y-buitres\/\" class=\"atgrid__item__top__image\"><img width=\"360\" height=\"240\" src=\"https:\/\/www.pirenalia.com\/wp-content\/uploads\/2017\/02\/01-5-360x240.jpg\" class=\"attachment-thumb_tour_listing_small size-thumb_tour_listing_small wp-post-image\" alt=\"\" loading=\"lazy\" srcset=\"https:\/\/www.pirenalia.com\/wp-content\/uploads\/2017\/02\/01-5-360x240.jpg 360w, https:\/\/www.pirenalia.com\/wp-content\/uploads\/2017\/02\/01-5-300x200.jpg 300w, https:\/\/www.pirenalia.com\/wp-content\/uploads\/2017\/02\/01-5-768x512.jpg 768w, https:\/\/www.pirenalia.com\/wp-content\/uploads\/2017\/02\/01-5-531x354.jpg 531w, https:\/\/www.pirenalia.com\/wp-content\/uploads\/2017\/02\/01-5.jpg 800w\" sizes=\"(max-width: 360px) 100vw, 360px\" \/><\/a>\t\t\t\t\t\t\t\t\t\t\t\t\t\t<div class=\"atgrid__item__price\"><a href=\"https:\/\/www.pirenalia.com\/es\/tours\/aves-esteparicas-quebrantahuesos-y-buitres\/\" class=\"atgrid__item__price__button\"><span class=\"woocommerce-Price-amount amount\">850<span class=\"woocommerce-Price-currencySymbol\">&euro;<\/span><\/span><\/a><\/div>\t\t\t\t\t\t\t\t\t\t\t\t\t\t\t\t\t\t\t\t<\/div>\n\n\t\t\t\t\t\t<div class=\"atgrid__item__content\">\n\t\t\t\t\t\t\t<h3 class=\"atgrid__item__title\"><a href=\"https:\/\/www.pirenalia.com\/es\/tours\/aves-esteparicas-quebrantahuesos-y-buitres\/\">Aves esteparicas<\/a><\/h3>\n\t\t\t\t\t\t\t\t\t\t\t\t\t<div class=\"atgrid__item__description\">Abril<\/div>\n\t\t\t\t\t\t\t\t\t\t\t\t<\/div>\n\t\t\t\t\t\t<div class=\"item-attributes\">\n\t\t\t\t\t\t\t<div class=\"item-attributes__item\"><div class=\"item-attributes__item__content\"><div class=\"item-attributes__item__content__item\"><i class=\"td-marker-location-1\"><\/i><\/div><div class=\"item-attributes__item__content__item item-attributes__item__content__item--text\"><span>Espa\u00f1a<\/span><\/div><\/div><\/div><div class=\"item-attributes__item\"><div class=\"item-attributes__item__content\"><div class=\"item-attributes__item__content__item\"><i class=\"td-clock-1\"><\/i><\/div><div class=\"item-attributes__item__content__item item-attributes__item__content__item--text\"><span>6 d\u00edas<\/span><\/div><\/div><\/div>\t\t\t\t\t\t<\/div>\n\t\t\t\t\t<\/div>\n\t\t\t\t<\/div>\n\t\t\t\t\t\t<\/div><!-- .swiper-wrapper -->\n\t\t<\/div><!-- .swiper-container -->\n\t<\/div><!-- .atgrid__slider  -->\n<\/div><!-- .atgrid -->\n[\/vc_column][\/vc_row][vc_row][vc_column][\/vc_column][\/vc_row]<\/p>\n","protected":false},"excerpt":{"rendered":"<p>[vc_row][vc_column width=\u00bb2\/3&#8243;][vc_tta_tabs active_section=\u00bb1&#8243;][vc_tta_section title=\u00bbNaturaleza\u00bb tab_id=\u00bbnaturaleza-pallars\u00bb][vc_column_text] Sin lugar a dudas, el peque\u00f1o pueblo abandonado donde nos alojaremos, es el mejor sitio de toda Europa para fotografiar aves carro\u00f1eras.\u00a0 Seremos sus \u00fanicos habitantes rodeados de buitres leonados, negros, alimoches y quebrantahuesos. La zona del Pallars es la frontera que marca el comienzo de las cimas m\u00e1s elevadas<\/p>\n<div class=\"padding-top text-center\"><a href=\"https:\/\/www.pirenalia.com\/es\/tours\/aves-esteparicas-quebrantahuesos-y-buitres\/\" class=\"atbtn atbtn--medium atbtn--rounded atbtn--transparent\">+ info<i class=\"atbtn__icon atbtn__icon--right fa fa-long-arrow-right\"><\/i><\/a><\/div>\n","protected":false},"author":3,"featured_media":0,"parent":0,"menu_order":0,"comment_status":"closed","ping_status":"closed","template":"","meta":[],"_links":{"self":[{"href":"https:\/\/www.pirenalia.com\/es\/wp-json\/wp\/v2\/pages\/2823"}],"collection":[{"href":"https:\/\/www.pirenalia.com\/es\/wp-json\/wp\/v2\/pages"}],"about":[{"href":"https:\/\/www.pirenalia.com\/es\/wp-json\/wp\/v2\/types\/page"}],"author":[{"embeddable":true,"href":"https:\/\/www.pirenalia.com\/es\/wp-json\/wp\/v2\/users\/3"}],"replies":[{"embeddable":true,"href":"https:\/\/www.pirenalia.com\/es\/wp-json\/wp\/v2\/comments?post=2823"}],"version-history":[{"count":4,"href":"https:\/\/www.pirenalia.com\/es\/wp-json\/wp\/v2\/pages\/2823\/revisions"}],"predecessor-version":[{"id":2835,"href":"https:\/\/www.pirenalia.com\/es\/wp-json\/wp\/v2\/pages\/2823\/revisions\/2835"}],"wp:attachment":[{"href":"https:\/\/www.pirenalia.com\/es\/wp-json\/wp\/v2\/media?parent=2823"}],"curies":[{"name":"wp","href":"https:\/\/api.w.org\/{rel}","templated":true}]}}